{"id":2320,"date":"2022-05-12T15:14:59","date_gmt":"2022-05-12T13:14:59","guid":{"rendered":"http:\/\/www.festivaldelladiplomazia.eu\/whe-we-are\/"},"modified":"2026-04-21T15:30:30","modified_gmt":"2026-04-21T13:30:30","slug":"whe-we-are","status":"publish","type":"page","link":"https:\/\/www.festivaldelladiplomazia.eu\/en\/whe-we-are\/","title":{"rendered":"Who we are"},"content":{"rendered":"<section class=\"section bp-0 align\">\n\t<div class=\"container\">\n\t\t\t<div class=\"row\">\n\t\t\t\t\t\t<div class=\"col-lg-8 offset-lg-1 order-lg-2\">\n\t\t\t\t<p>The promoting committee of the Diplomacy Festival is an unrecognized, non-profit legal body with the Honorary Presidency of Dr. Aurelio Regina and the General Secretariat of Dr. Giorgio Bartolomucci. It includes academics, journalists, representatives of the worlds of economy and international relations.<\/p>\n<p>The Scientific Committee is chaired by Ambassador Giampiero Massolo, president of Mundys and ISPI, with the General Secretariat of Dr. Giorgio Bartolomucci.<\/p>\n\n\t\t\t\t\t\t\t<\/div>\n\t\t\t\t\t<\/div>\n\t\t<div class=\"row\">\n\t\t\t\n\n<p><\/p>\n\n\n\t\t<\/div>\n\t<\/div>\n<\/section>\n\n\n<section class=\"section bt-0 align\">\n\t<div class=\"container\">\n\t\t\t<div class=\"row\">\n\t\t\t<div class=\"col-12\">\n\t\t\t\n\t\t\t\t\t<\/div>\n\t\t\t<\/div>\n\t\t<div class=\"row\">\n\t\t\t\n\n<div class=\"col-12\">\n\t<div class=\"d-lg-none\">\n\t\t<div class=\"accordion team\">\n\t\t\t<div class=\"accordion-item\">\n\t\t\t\t<h2 class=\"accordion-header\">\n\t\t\t\t\t<button class=\"accordion-button\" type=\"button\" data-bs-toggle=\"collapse\" data-bs-target=\"#block_69ef92cc56edd\" aria-expanded=\"true\" aria-controls=\"block_69ef92cc56edd\">\n\t\t\t\t\t\tSCIENTIFIC COMMITTEE\n\t\t\t\t\t<\/button>\n\t\t\t\t<\/h2>\n\t\t\t\t<div id=\"block_69ef92cc56edd\" class=\"accordion-collapse collapse show\">\n\t\t      \t\t<div class=\"accordion-body\">\n\t\t\t\t\t\t<div class=\"row justify-content-center\">\n\t\t\t\t\t\t\t\t\t\t\t\t\t\t\t<div class=\"col text-center\">\n\t\t\t\t\t\t\t\t<a href=\"https:\/\/www.festivaldelladiplomazia.eu\/en\/speakers\/lucia-annunziata\/\">\t\t\t\t\t\t\t\t\t<figure class=\"team\">\n\t\t\t\t\t\t\t\t\t\t<img decoding=\"async\" class=\"profile\" src=\"https:\/\/www.festivaldelladiplomazia.eu\/wp-content\/uploads\/2022\/05\/annunziata-2-1.jpg\" alt=\"\">\n\t\t\t\t\t\t\t\t\t\t<h4>Lucia Annunziata<\/h4>\n\t\t\t\t\t\t\t\t\t\tJournalist\n\t\t\t\t\t\t\t\t\t<\/figure>\n\t\t\t\t\t\t\t\t\t<\/a>\t\t\t\t\t\t\t\t<\/div>\n\t\t\t\t\t\t\t\t\t\t\t\t\t\t\t\t\t\t\t\t\t\t\t<div class=\"col text-center\">\n\t\t\t\t\t\t\t\t<a href=\"https:\/\/www.festivaldelladiplomazia.eu\/en\/speakers\/giorgio-bartolomucci\/\">\t\t\t\t\t\t\t\t\t<figure class=\"team\">\n\t\t\t\t\t\t\t\t\t\t<img decoding=\"async\" class=\"profile\" src=\"https:\/\/www.festivaldelladiplomazia.eu\/wp-content\/uploads\/2022\/05\/Foto-AD-Huawei-e1654862769190.jpg\" alt=\"\">\n\t\t\t\t\t\t\t\t\t\t<h4>Giorgio Bartolomucci<\/h4>\n\t\t\t\t\t\t\t\t\t\tFounder and Secretary General of Diplomacy Festival\n\t\t\t\t\t\t\t\t\t<\/figure>\n\t\t\t\t\t\t\t\t\t<\/a>\t\t\t\t\t\t\t\t<\/div>\n\t\t\t\t\t\t\t\t\t\t\t\t\t\t\t\t\t\t\t\t\t\t\t<div class=\"col text-center\">\n\t\t\t\t\t\t\t\t<a href=\"https:\/\/www.festivaldelladiplomazia.eu\/en\/speakers\/lucio-battistotti\/\">\t\t\t\t\t\t\t\t\t<figure class=\"team\">\n\t\t\t\t\t\t\t\t\t\t<img decoding=\"async\" class=\"profile\" src=\"https:\/\/www.festivaldelladiplomazia.eu\/wp-content\/uploads\/2022\/05\/battistotti-e1653562129921.jpg\" alt=\"\">\n\t\t\t\t\t\t\t\t\t\t<h4>Lucio Battistotti<\/h4>\n\t\t\t\t\t\t\t\t\t\tFormer manager for the European Union and the European Commission\n\t\t\t\t\t\t\t\t\t<\/figure>\n\t\t\t\t\t\t\t\t\t<\/a>\t\t\t\t\t\t\t\t<\/div>\n\t\t\t\t\t\t\t\t\t\t\t\t\t\t\t<\/div>\n\t\t\t\t\t\t\t<div class=\"row justify-content-center\">\n\t\t\t\t\t\t\t\t\t\t\t\t\t\t\t\t\t\t\t\t\t\t\t<div class=\"col text-center\">\n\t\t\t\t\t\t\t\t<a href=\"https:\/\/www.festivaldelladiplomazia.eu\/en\/speakers\/ezio-bussoletti\/\">\t\t\t\t\t\t\t\t\t<figure class=\"team\">\n\t\t\t\t\t\t\t\t\t\t<img decoding=\"async\" class=\"profile\" src=\"https:\/\/www.festivaldelladiplomazia.eu\/wp-content\/uploads\/2022\/05\/bussoletti-e1653562400302.jpg\" alt=\"\">\n\t\t\t\t\t\t\t\t\t\t<h4>Ezio Bussoletti<\/h4>\n\t\t\t\t\t\t\t\t\t\tSpace Astrophysicist, Former Asi Vice President\n\t\t\t\t\t\t\t\t\t<\/figure>\n\t\t\t\t\t\t\t\t\t<\/a>\t\t\t\t\t\t\t\t<\/div>\n\t\t\t\t\t\t\t\t\t\t\t\t\t\t\t\t\t\t\t\t\t\t\t<div class=\"col text-center\">\n\t\t\t\t\t\t\t\t<a href=\"https:\/\/www.festivaldelladiplomazia.eu\/en\/speakers\/vincenzo-camporini\/\">\t\t\t\t\t\t\t\t\t<figure class=\"team\">\n\t\t\t\t\t\t\t\t\t\t<img decoding=\"async\" class=\"profile\" src=\"https:\/\/www.festivaldelladiplomazia.eu\/wp-content\/uploads\/2022\/05\/camporini-e1653562437213.jpg\" alt=\"\">\n\t\t\t\t\t\t\t\t\t\t<h4>Vincenzo Camporini<\/h4>\n\t\t\t\t\t\t\t\t\t\tGeneral, former Defense Chief of Staff, IAI Vice President\n\t\t\t\t\t\t\t\t\t<\/figure>\n\t\t\t\t\t\t\t\t\t<\/a>\t\t\t\t\t\t\t\t<\/div>\n\t\t\t\t\t\t\t\t\t\t\t\t\t\t\t\t\t\t\t\t\t\t\t<div class=\"col text-center\">\n\t\t\t\t\t\t\t\t<a href=\"https:\/\/www.festivaldelladiplomazia.eu\/en\/speakers\/carlo-corazza\/\">\t\t\t\t\t\t\t\t\t<figure class=\"team\">\n\t\t\t\t\t\t\t\t\t\t<img decoding=\"async\" class=\"profile\" src=\"https:\/\/www.festivaldelladiplomazia.eu\/wp-content\/uploads\/2022\/06\/corazza2-e1655470155566.jpg\" alt=\"\">\n\t\t\t\t\t\t\t\t\t\t<h4>Carlo Corazza<\/h4>\n\t\t\t\t\t\t\t\t\t\tRepresentative in Italy of the European Parliament\n\t\t\t\t\t\t\t\t\t<\/figure>\n\t\t\t\t\t\t\t\t\t<\/a>\t\t\t\t\t\t\t\t<\/div>\n\t\t\t\t\t\t\t\t\t\t\t\t\t\t\t<\/div>\n\t\t\t\t\t\t\t<div class=\"row justify-content-center\">\n\t\t\t\t\t\t\t\t\t\t\t\t\t\t\t\t\t\t\t\t\t\t\t<div class=\"col text-center\">\n\t\t\t\t\t\t\t\t<a href=\"https:\/\/www.festivaldelladiplomazia.eu\/en\/speakers\/giuliana-del-papa\/\">\t\t\t\t\t\t\t\t\t<figure class=\"team\">\n\t\t\t\t\t\t\t\t\t\t<img decoding=\"async\" class=\"profile\" src=\"https:\/\/www.festivaldelladiplomazia.eu\/wp-content\/uploads\/2025\/04\/del-papa.jpg\" alt=\"\">\n\t\t\t\t\t\t\t\t\t\t<h4>Giuliana Del Papa<\/h4>\n\t\t\t\t\t\t\t\t\t\tHead of the Analysis, Planning and Historical Diplomatic Documentation Unit of Maeci\n\t\t\t\t\t\t\t\t\t<\/figure>\n\t\t\t\t\t\t\t\t\t<\/a>\t\t\t\t\t\t\t\t<\/div>\n\t\t\t\t\t\t\t\t\t\t\t\t\t\t\t\t\t\t\t\t\t\t\t<div class=\"col text-center\">\n\t\t\t\t\t\t\t\t<a href=\"https:\/\/www.festivaldelladiplomazia.eu\/en\/speakers\/daniele-di-loreto\/\">\t\t\t\t\t\t\t\t\t<figure class=\"team\">\n\t\t\t\t\t\t\t\t\t\t<img decoding=\"async\" class=\"profile\" src=\"https:\/\/www.festivaldelladiplomazia.eu\/wp-content\/uploads\/2022\/05\/di-loreto-e1653562863525.jpg\" alt=\"\">\n\t\t\t\t\t\t\t\t\t\t<h4>Daniele Di Loreto<\/h4>\n\t\t\t\t\t\t\t\t\t\tGroup Head of Representative Office Generali Assicurazioni\n\t\t\t\t\t\t\t\t\t<\/figure>\n\t\t\t\t\t\t\t\t\t<\/a>\t\t\t\t\t\t\t\t<\/div>\n\t\t\t\t\t\t\t\t\t\t\t\t\t\t\t\t\t\t\t\t\t\t\t<div class=\"col text-center\">\n\t\t\t\t\t\t\t\t<a href=\"https:\/\/www.festivaldelladiplomazia.eu\/en\/speakers\/enrico-giovannini\/\">\t\t\t\t\t\t\t\t\t<figure class=\"team\">\n\t\t\t\t\t\t\t\t\t\t<img decoding=\"async\" class=\"profile\" src=\"https:\/\/www.festivaldelladiplomazia.eu\/wp-content\/uploads\/2022\/05\/giovannini-e1653562926891.jpg\" alt=\"\">\n\t\t\t\t\t\t\t\t\t\t<h4>Enrico Giovannini<\/h4>\n\t\t\t\t\t\t\t\t\t\tEconomist and Statistic\n\t\t\t\t\t\t\t\t\t<\/figure>\n\t\t\t\t\t\t\t\t\t<\/a>\t\t\t\t\t\t\t\t<\/div>\n\t\t\t\t\t\t\t\t\t\t\t\t\t\t\t<\/div>\n\t\t\t\t\t\t\t<div class=\"row justify-content-center\">\n\t\t\t\t\t\t\t\t\t\t\t\t\t\t\t\t\t\t\t\t\t\t\t<div class=\"col text-center\">\n\t\t\t\t\t\t\t\t<a href=\"https:\/\/www.festivaldelladiplomazia.eu\/en\/speakers\/robert-hassan\/\">\t\t\t\t\t\t\t\t\t<figure class=\"team\">\n\t\t\t\t\t\t\t\t\t\t<img decoding=\"async\" class=\"profile\" src=\"https:\/\/www.festivaldelladiplomazia.eu\/wp-content\/uploads\/2022\/10\/WhatsApp-Image-2022-10-18-at-11.50.01.jpeg\" alt=\"\">\n\t\t\t\t\t\t\t\t\t\t<h4>Robert Hassan<\/h4>\n\t\t\t\t\t\t\t\t\t\tGovernment Relations Consultant\n\t\t\t\t\t\t\t\t\t<\/figure>\n\t\t\t\t\t\t\t\t\t<\/a>\t\t\t\t\t\t\t\t<\/div>\n\t\t\t\t\t\t\t\t\t\t\t\t\t\t\t\t\t\t\t\t\t\t\t<div class=\"col text-center\">\n\t\t\t\t\t\t\t\t<a href=\"https:\/\/www.festivaldelladiplomazia.eu\/en\/speakers\/carmen-lasorella\/\">\t\t\t\t\t\t\t\t\t<figure class=\"team\">\n\t\t\t\t\t\t\t\t\t\t<img decoding=\"async\" class=\"profile\" src=\"https:\/\/www.festivaldelladiplomazia.eu\/wp-content\/uploads\/2022\/05\/LASORELLAMB-e1653562958272.png\" alt=\"\">\n\t\t\t\t\t\t\t\t\t\t<h4>Carmen Lasorella<\/h4>\n\t\t\t\t\t\t\t\t\t\tJournalist\n\t\t\t\t\t\t\t\t\t<\/figure>\n\t\t\t\t\t\t\t\t\t<\/a>\t\t\t\t\t\t\t\t<\/div>\n\t\t\t\t\t\t\t\t\t\t\t\t\t\t\t\t\t\t\t\t\t\t\t<div class=\"col text-center\">\n\t\t\t\t\t\t\t\t<a href=\"https:\/\/www.festivaldelladiplomazia.eu\/en\/speakers\/marco-riccardo-rusconi\/\">\t\t\t\t\t\t\t\t\t<figure class=\"team\">\n\t\t\t\t\t\t\t\t\t\t<img decoding=\"async\" class=\"profile\" src=\"https:\/\/www.festivaldelladiplomazia.eu\/wp-content\/uploads\/2024\/06\/MARCO-RICCARDO-RUSCONI-Tagliata.jpg\" alt=\"\">\n\t\t\t\t\t\t\t\t\t\t<h4>Marco Riccardo Rusconi<\/h4>\n\t\t\t\t\t\t\t\t\t\tDirector of the Italian Agency for Development Cooperation\n\t\t\t\t\t\t\t\t\t<\/figure>\n\t\t\t\t\t\t\t\t\t<\/a>\t\t\t\t\t\t\t\t<\/div>\n\t\t\t\t\t\t\t\t\t\t\t\t\t\t\t<\/div>\n\t\t\t\t\t\t\t<div class=\"row justify-content-center\">\n\t\t\t\t\t\t\t\t\t\t\t\t\t\t\t\t\t\t\t\t\t\t\t<div class=\"col text-center\">\n\t\t\t\t\t\t\t\t<a href=\"https:\/\/www.festivaldelladiplomazia.eu\/en\/speakers\/maria-chiara-malaguti\/\">\t\t\t\t\t\t\t\t\t<figure class=\"team\">\n\t\t\t\t\t\t\t\t\t\t<img decoding=\"async\" class=\"profile\" src=\"https:\/\/www.festivaldelladiplomazia.eu\/wp-content\/uploads\/2022\/05\/malaguti-e1653563145652.jpg\" alt=\"\">\n\t\t\t\t\t\t\t\t\t\t<h4>Maria Chiara Malaguti<\/h4>\n\t\t\t\t\t\t\t\t\t\tPresident of UNIDROIT\n\t\t\t\t\t\t\t\t\t<\/figure>\n\t\t\t\t\t\t\t\t\t<\/a>\t\t\t\t\t\t\t\t<\/div>\n\t\t\t\t\t\t\t\t\t\t\t\t\t\t\t\t\t\t\t\t\t\t\t<div class=\"col text-center\">\n\t\t\t\t\t\t\t\t<a href=\"https:\/\/www.festivaldelladiplomazia.eu\/en\/speakers\/stefano-manservisi\/\">\t\t\t\t\t\t\t\t\t<figure class=\"team\">\n\t\t\t\t\t\t\t\t\t\t<img decoding=\"async\" class=\"profile\" src=\"https:\/\/www.festivaldelladiplomazia.eu\/wp-content\/uploads\/2022\/05\/manservisiPP-e1653563607184.jpg\" alt=\"\">\n\t\t\t\t\t\t\t\t\t\t<h4>Stefano Manservisi<\/h4>\n\t\t\t\t\t\t\t\t\t\tFormer DG Development Cooperation European Commission (DEVCO)\n\t\t\t\t\t\t\t\t\t<\/figure>\n\t\t\t\t\t\t\t\t\t<\/a>\t\t\t\t\t\t\t\t<\/div>\n\t\t\t\t\t\t\t\t\t\t\t\t\t\t\t\t\t\t\t\t\t\t\t<div class=\"col text-center\">\n\t\t\t\t\t\t\t\t<a href=\"https:\/\/www.festivaldelladiplomazia.eu\/en\/speakers\/giampiero-massolo\/\">\t\t\t\t\t\t\t\t\t<figure class=\"team\">\n\t\t\t\t\t\t\t\t\t\t<img decoding=\"async\" class=\"profile\" src=\"https:\/\/www.festivaldelladiplomazia.eu\/wp-content\/uploads\/2022\/05\/massoloMB-e1653904171848.jpg\" alt=\"\">\n\t\t\t\t\t\t\t\t\t\t<h4>Giampiero Massolo<\/h4>\n\t\t\t\t\t\t\t\t\t\tPresident of Diplomacy Festival&#8217;s scientific committee, ISPI and Mundys\n\t\t\t\t\t\t\t\t\t<\/figure>\n\t\t\t\t\t\t\t\t\t<\/a>\t\t\t\t\t\t\t\t<\/div>\n\t\t\t\t\t\t\t\t\t\t\t\t\t\t\t<\/div>\n\t\t\t\t\t\t\t<div class=\"row justify-content-center\">\n\t\t\t\t\t\t\t\t\t\t\t\t\t\t\t\t\t\t\t\t\t\t\t<div class=\"col text-center\">\n\t\t\t\t\t\t\t\t<a href=\"https:\/\/www.festivaldelladiplomazia.eu\/en\/speakers\/enzo-moavero-milanesi\/\">\t\t\t\t\t\t\t\t\t<figure class=\"team\">\n\t\t\t\t\t\t\t\t\t\t<img decoding=\"async\" class=\"profile\" src=\"https:\/\/www.festivaldelladiplomazia.eu\/wp-content\/uploads\/2022\/05\/moavero-milanesi-e1653563757659.jpg\" alt=\"\">\n\t\t\t\t\t\t\t\t\t\t<h4>Enzo Moavero Milanesi<\/h4>\n\t\t\t\t\t\t\t\t\t\tProfessor of European Law\n\t\t\t\t\t\t\t\t\t<\/figure>\n\t\t\t\t\t\t\t\t\t<\/a>\t\t\t\t\t\t\t\t<\/div>\n\t\t\t\t\t\t\t\t\t\t\t\t\t\t\t\t\t\t\t\t\t\t\t<div class=\"col text-center\">\n\t\t\t\t\t\t\t\t<a href=\"https:\/\/www.festivaldelladiplomazia.eu\/en\/speakers\/ferdinando-nelli-feroci\/\">\t\t\t\t\t\t\t\t\t<figure class=\"team\">\n\t\t\t\t\t\t\t\t\t\t<img decoding=\"async\" class=\"profile\" src=\"https:\/\/www.festivaldelladiplomazia.eu\/wp-content\/uploads\/2022\/05\/nelli-feroci-e1653563796711.jpg\" alt=\"\">\n\t\t\t\t\t\t\t\t\t\t<h4>Ferdinando Nelli Feroci<\/h4>\n\t\t\t\t\t\t\t\t\t\tPresidente IAI\n\t\t\t\t\t\t\t\t\t<\/figure>\n\t\t\t\t\t\t\t\t\t<\/a>\t\t\t\t\t\t\t\t<\/div>\n\t\t\t\t\t\t\t\t\t\t\t\t\t\t\t\t\t\t\t\t\t\t\t<div class=\"col text-center\">\n\t\t\t\t\t\t\t\t<a href=\"https:\/\/www.festivaldelladiplomazia.eu\/en\/speakers\/federica-olivares\/\">\t\t\t\t\t\t\t\t\t<figure class=\"team\">\n\t\t\t\t\t\t\t\t\t\t<img decoding=\"async\" class=\"profile\" src=\"https:\/\/www.festivaldelladiplomazia.eu\/wp-content\/uploads\/2022\/05\/olivares-e1654862455805.jpg\" alt=\"\">\n\t\t\t\t\t\t\t\t\t\t<h4>Federica Olivares<\/h4>\n\t\t\t\t\t\t\t\t\t\tDirector Program in Cultural Diplomacy Universit\u00e0 Cattolica\n\t\t\t\t\t\t\t\t\t<\/figure>\n\t\t\t\t\t\t\t\t\t<\/a>\t\t\t\t\t\t\t\t<\/div>\n\t\t\t\t\t\t\t\t\t\t\t\t\t\t\t<\/div>\n\t\t\t\t\t\t\t<div class=\"row justify-content-center\">\n\t\t\t\t\t\t\t\t\t\t\t\t\t\t\t\t\t\t\t\t\t\t\t<div class=\"col text-center\">\n\t\t\t\t\t\t\t\t<a href=\"https:\/\/www.festivaldelladiplomazia.eu\/en\/speakers\/cecilia-piccioni\/\">\t\t\t\t\t\t\t\t\t<figure class=\"team\">\n\t\t\t\t\t\t\t\t\t\t<img decoding=\"async\" class=\"profile\" src=\"https:\/\/www.festivaldelladiplomazia.eu\/wp-content\/uploads\/2022\/05\/piccioni-e1653564242931.jpg\" alt=\"\">\n\t\t\t\t\t\t\t\t\t\t<h4>Cecilia Piccioni<\/h4>\n\t\t\t\t\t\t\t\t\t\tAmbassador\n\t\t\t\t\t\t\t\t\t<\/figure>\n\t\t\t\t\t\t\t\t\t<\/a>\t\t\t\t\t\t\t\t<\/div>\n\t\t\t\t\t\t\t\t\t\t\t\t\t\t\t\t\t\t\t\t\t\t\t<div class=\"col text-center\">\n\t\t\t\t\t\t\t\t<a href=\"https:\/\/www.festivaldelladiplomazia.eu\/en\/speakers\/gusavo-piga\/\">\t\t\t\t\t\t\t\t\t<figure class=\"team\">\n\t\t\t\t\t\t\t\t\t\t<img decoding=\"async\" class=\"profile\" src=\"https:\/\/www.festivaldelladiplomazia.eu\/wp-content\/uploads\/2022\/05\/Piga-e1653564487489.jpg\" alt=\"\">\n\t\t\t\t\t\t\t\t\t\t<h4>Gustavo Piga<\/h4>\n\t\t\t\t\t\t\t\t\t\tEconomy Professor at the Roma Tor Vergata University\n\t\t\t\t\t\t\t\t\t<\/figure>\n\t\t\t\t\t\t\t\t\t<\/a>\t\t\t\t\t\t\t\t<\/div>\n\t\t\t\t\t\t\t\t\t\t\t\t\t\t\t\t\t\t\t\t\t\t\t<div class=\"col text-center\">\n\t\t\t\t\t\t\t\t<a href=\"https:\/\/www.festivaldelladiplomazia.eu\/en\/speakers\/aurelio-regina\/\">\t\t\t\t\t\t\t\t\t<figure class=\"team\">\n\t\t\t\t\t\t\t\t\t\t<img decoding=\"async\" class=\"profile\" src=\"https:\/\/www.festivaldelladiplomazia.eu\/wp-content\/uploads\/2022\/05\/regina-e1653564624404.jpg\" alt=\"\">\n\t\t\t\t\t\t\t\t\t\t<h4>Aurelio Regina<\/h4>\n\t\t\t\t\t\t\t\t\t\t President Deputee of the Centro Studi Americani\n\t\t\t\t\t\t\t\t\t<\/figure>\n\t\t\t\t\t\t\t\t\t<\/a>\t\t\t\t\t\t\t\t<\/div>\n\t\t\t\t\t\t\t\t\t\t\t\t\t\t\t<\/div>\n\t\t\t\t\t\t\t<div class=\"row justify-content-center\">\n\t\t\t\t\t\t\t\t\t\t\t\t\t\t\t\t\t\t\t\t\t\t\t<div class=\"col text-center\">\n\t\t\t\t\t\t\t\t<a href=\"https:\/\/www.festivaldelladiplomazia.eu\/en\/speakers\/francesco-rocchetti\/\">\t\t\t\t\t\t\t\t\t<figure class=\"team\">\n\t\t\t\t\t\t\t\t\t\t<img decoding=\"async\" class=\"profile\" src=\"https:\/\/www.festivaldelladiplomazia.eu\/wp-content\/uploads\/2022\/06\/Ritratti_ISPI51-bis-scaled-e1655206184596.jpg\" alt=\"\">\n\t\t\t\t\t\t\t\t\t\t<h4>Francesco Rocchetti<\/h4>\n\t\t\t\t\t\t\t\t\t\tISPI Secretary General\n\t\t\t\t\t\t\t\t\t<\/figure>\n\t\t\t\t\t\t\t\t\t<\/a>\t\t\t\t\t\t\t\t<\/div>\n\t\t\t\t\t\t\t\t\t\t\t\t\t\t\t\t\t\t\t\t\t\t\t<div class=\"col text-center\">\n\t\t\t\t\t\t\t\t<a href=\"https:\/\/www.festivaldelladiplomazia.eu\/en\/speakers\/pasquale-salzano\/\">\t\t\t\t\t\t\t\t\t<figure class=\"team\">\n\t\t\t\t\t\t\t\t\t\t<img decoding=\"async\" class=\"profile\" src=\"https:\/\/www.festivaldelladiplomazia.eu\/wp-content\/uploads\/2022\/05\/salzano-e1653565847975.jpg\" alt=\"\">\n\t\t\t\t\t\t\t\t\t\t<h4>Pasquale Salzano<\/h4>\n\t\t\t\t\t\t\t\t\t\tSIMEST President\n\t\t\t\t\t\t\t\t\t<\/figure>\n\t\t\t\t\t\t\t\t\t<\/a>\t\t\t\t\t\t\t\t<\/div>\n\t\t\t\t\t\t\t\t\t\t\t\t\t\t\t\t\t\t\t\t\t\t\t<div class=\"col text-center\">\n\t\t\t\t\t\t\t\t<a href=\"https:\/\/www.festivaldelladiplomazia.eu\/en\/speakers\/alberto-sangiovanni-vincentelli\/\">\t\t\t\t\t\t\t\t\t<figure class=\"team\">\n\t\t\t\t\t\t\t\t\t\t<img decoding=\"async\" class=\"profile\" src=\"https:\/\/www.festivaldelladiplomazia.eu\/wp-content\/uploads\/2022\/05\/vincentelli_600.jpg\" alt=\"\">\n\t\t\t\t\t\t\t\t\t\t<h4>Alberto Sangiovanni-Vincentelli<\/h4>\n\t\t\t\t\t\t\t\t\t\tProfessor of the University of California at Berkeley\n\t\t\t\t\t\t\t\t\t<\/figure>\n\t\t\t\t\t\t\t\t\t<\/a>\t\t\t\t\t\t\t\t<\/div>\n\t\t\t\t\t\t\t\t\t\t\t\t\t\t\t<\/div>\n\t\t\t\t\t\t\t<div class=\"row justify-content-center\">\n\t\t\t\t\t\t\t\t\t\t\t\t\t\t\t\t\t\t\t\t\t\t\t<div class=\"col text-center\">\n\t\t\t\t\t\t\t\t<a href=\"https:\/\/www.festivaldelladiplomazia.eu\/en\/speakers\/roberto-sgalla\/\">\t\t\t\t\t\t\t\t\t<figure class=\"team\">\n\t\t\t\t\t\t\t\t\t\t<img decoding=\"async\" class=\"profile\" src=\"https:\/\/www.festivaldelladiplomazia.eu\/wp-content\/uploads\/2022\/05\/sgalla-e1653565898209.png\" alt=\"\">\n\t\t\t\t\t\t\t\t\t\t<h4>Roberto Sgalla<\/h4>\n\t\t\t\t\t\t\t\t\t\tDirector of the Centro Studi Americani\n\t\t\t\t\t\t\t\t\t<\/figure>\n\t\t\t\t\t\t\t\t\t<\/a>\t\t\t\t\t\t\t\t<\/div>\n\t\t\t\t\t\t\t\t\t\t\t\t\t\t\t\t\t\t\t\t\t\t\t<div class=\"col text-center\">\n\t\t\t\t\t\t\t\t<a href=\"https:\/\/www.festivaldelladiplomazia.eu\/en\/speakers\/alfonso-siano\/\">\t\t\t\t\t\t\t\t\t<figure class=\"team\">\n\t\t\t\t\t\t\t\t\t\t<img decoding=\"async\" class=\"profile\" src=\"https:\/\/www.festivaldelladiplomazia.eu\/wp-content\/uploads\/2023\/02\/siano-e1675682824277.jpg\" alt=\"\">\n\t\t\t\t\t\t\t\t\t\t<h4>Alfonso Siano <\/h4>\n\t\t\t\t\t\t\t\t\t\tDirector of the International Relations department of Intesa Sanpaolo\n\t\t\t\t\t\t\t\t\t<\/figure>\n\t\t\t\t\t\t\t\t\t<\/a>\t\t\t\t\t\t\t\t<\/div>\n\t\t\t\t\t\t\t\t\t\t\t\t\t\t\t\t\t\t\t\t\t\t\t<div class=\"col text-center\">\n\t\t\t\t\t\t\t\t<a href=\"https:\/\/www.festivaldelladiplomazia.eu\/en\/speakers\/catia-tomasetti\/\">\t\t\t\t\t\t\t\t\t<figure class=\"team\">\n\t\t\t\t\t\t\t\t\t\t<img decoding=\"async\" class=\"profile\" src=\"https:\/\/www.festivaldelladiplomazia.eu\/wp-content\/uploads\/2022\/05\/tomasetti-e1653565929500.jpg\" alt=\"\">\n\t\t\t\t\t\t\t\t\t\t<h4>Catia Tomasetti<\/h4>\n\t\t\t\t\t\t\t\t\t\tPartner Bonelli Erede Pappalardo\n\t\t\t\t\t\t\t\t\t<\/figure>\n\t\t\t\t\t\t\t\t\t<\/a>\t\t\t\t\t\t\t\t<\/div>\n\t\t\t\t\t\t\t\t\t\t\t\t\t\t\t<\/div>\n\t\t\t\t\t\t\t<div class=\"row justify-content-center\">\n\t\t\t\t\t\t\t\t\t\t\t\t\t\t\t\t\t\t\t\t\t\t\t<div class=\"col text-center\">\n\t\t\t\t\t\t\t\t<a href=\"https:\/\/www.festivaldelladiplomazia.eu\/en\/speakers\/michele-valensise\/\">\t\t\t\t\t\t\t\t\t<figure class=\"team\">\n\t\t\t\t\t\t\t\t\t\t<img decoding=\"async\" class=\"profile\" src=\"https:\/\/www.festivaldelladiplomazia.eu\/wp-content\/uploads\/2022\/05\/6541_g-e1653566646968.jpg\" alt=\"\">\n\t\t\t\t\t\t\t\t\t\t<h4>Michele Valensise<\/h4>\n\t\t\t\t\t\t\t\t\t\tFormerly General Secretary of MAECI\n\t\t\t\t\t\t\t\t\t<\/figure>\n\t\t\t\t\t\t\t\t\t<\/a>\t\t\t\t\t\t\t\t<\/div>\n\t\t\t\t\t\t\t\t\t\t\t\t\t\t\t\t\t\t\t\t\t\t\t<div class=\"col text-center\">\n\t\t\t\t\t\t\t\t<a href=\"https:\/\/www.festivaldelladiplomazia.eu\/en\/speakers\/sarah-varetto\/\">\t\t\t\t\t\t\t\t\t<figure class=\"team\">\n\t\t\t\t\t\t\t\t\t\t<img decoding=\"async\" class=\"profile\" src=\"https:\/\/www.festivaldelladiplomazia.eu\/wp-content\/uploads\/2022\/05\/varetto-e1653566708871.jpg\" alt=\"\">\n\t\t\t\t\t\t\t\t\t\t<h4>Sarah Varetto<\/h4>\n\t\t\t\t\t\t\t\t\t\tExecutive Vice President Communication, Inclusion and Bigger Picture di Sky Italia\n\t\t\t\t\t\t\t\t\t<\/figure>\n\t\t\t\t\t\t\t\t\t<\/a>\t\t\t\t\t\t\t\t<\/div>\n\t\t\t\t\t\t\t\t\t\t\t\t\t\t\t\t\t\t\t\t\t\t\t<div class=\"col text-center\">\n\t\t\t\t\t\t\t\t<a href=\"https:\/\/www.festivaldelladiplomazia.eu\/en\/speakers\/arturo-varvelli\/\">\t\t\t\t\t\t\t\t\t<figure class=\"team\">\n\t\t\t\t\t\t\t\t\t\t<img decoding=\"async\" class=\"profile\" src=\"https:\/\/www.festivaldelladiplomazia.eu\/wp-content\/uploads\/2022\/05\/varvelli-e1653566817849.jpg\" alt=\"\">\n\t\t\t\t\t\t\t\t\t\t<h4>Arturo Varvelli<\/h4>\n\t\t\t\t\t\t\t\t\t\tECFR Rome Director and Senior Policy Fellow\n\t\t\t\t\t\t\t\t\t<\/figure>\n\t\t\t\t\t\t\t\t\t<\/a>\t\t\t\t\t\t\t\t<\/div>\n\t\t\t\t\t\t\t\t\t\t\t\t\t\t\t<\/div>\n\t\t\t\t\t\t\t<div class=\"row justify-content-center\">\n\t\t\t\t\t\t\t\t\t\t\t\t\t\t\t\t\t\t\t\t\t<\/div>\n\t\t\t\t\t<\/div>\n\t\t    \t<\/div>\n\t\t\t<\/div>\n\t\t<\/div>\n\t<\/div>\n\t<div class=\"d-none d-lg-block\">\n\t\t<div class=\"row\">\n\t\t\t<div class=\"col\">\n\t\t\t\t<h2>SCIENTIFIC COMMITTEE<\/h2>\n\t\t\t<\/div>\n\t\t<\/div>\n\t\t<div class=\"row justify-content-center\">\n\t\t\t\t\t<div class=\"col text-center\" style=\"max-width:20%\">\n\t\t\t<a href=\"https:\/\/www.festivaldelladiplomazia.eu\/en\/speakers\/lucia-annunziata\/\">\t\t\t\t<figure class=\"team\">\n\t\t\t\t\t<img decoding=\"async\" class=\"profile\" src=\"https:\/\/www.festivaldelladiplomazia.eu\/wp-content\/uploads\/2022\/05\/annunziata-2-1.jpg\" alt=\"\">\n\t\t\t\t\t<h4>Lucia Annunziata<\/h4>\n\t\t\t\t\tJournalist\n\t\t\t\t<\/figure>\n\t\t\t<\/a>\t\t\t<\/div>\n\t\t\t\t\t\t\t\t<div class=\"col text-center\" style=\"max-width:20%\">\n\t\t\t<a href=\"https:\/\/www.festivaldelladiplomazia.eu\/en\/speakers\/giorgio-bartolomucci\/\">\t\t\t\t<figure class=\"team\">\n\t\t\t\t\t<img decoding=\"async\" class=\"profile\" src=\"https:\/\/www.festivaldelladiplomazia.eu\/wp-content\/uploads\/2022\/05\/Foto-AD-Huawei-e1654862769190.jpg\" alt=\"\">\n\t\t\t\t\t<h4>Giorgio Bartolomucci<\/h4>\n\t\t\t\t\tFounder and Secretary General of Diplomacy Festival\n\t\t\t\t<\/figure>\n\t\t\t<\/a>\t\t\t<\/div>\n\t\t\t\t\t\t\t\t<div class=\"col text-center\" style=\"max-width:20%\">\n\t\t\t<a href=\"https:\/\/www.festivaldelladiplomazia.eu\/en\/speakers\/lucio-battistotti\/\">\t\t\t\t<figure class=\"team\">\n\t\t\t\t\t<img decoding=\"async\" class=\"profile\" src=\"https:\/\/www.festivaldelladiplomazia.eu\/wp-content\/uploads\/2022\/05\/battistotti-e1653562129921.jpg\" alt=\"\">\n\t\t\t\t\t<h4>Lucio Battistotti<\/h4>\n\t\t\t\t\tFormer manager for the European Union and the European Commission\n\t\t\t\t<\/figure>\n\t\t\t<\/a>\t\t\t<\/div>\n\t\t\t\t\t\t\t\t<div class=\"col text-center\" style=\"max-width:20%\">\n\t\t\t<a href=\"https:\/\/www.festivaldelladiplomazia.eu\/en\/speakers\/ezio-bussoletti\/\">\t\t\t\t<figure class=\"team\">\n\t\t\t\t\t<img decoding=\"async\" class=\"profile\" src=\"https:\/\/www.festivaldelladiplomazia.eu\/wp-content\/uploads\/2022\/05\/bussoletti-e1653562400302.jpg\" alt=\"\">\n\t\t\t\t\t<h4>Ezio Bussoletti<\/h4>\n\t\t\t\t\tSpace Astrophysicist, Former Asi Vice President\n\t\t\t\t<\/figure>\n\t\t\t<\/a>\t\t\t<\/div>\n\t\t\t\t\t\t\t\t<div class=\"col text-center\" style=\"max-width:20%\">\n\t\t\t<a href=\"https:\/\/www.festivaldelladiplomazia.eu\/en\/speakers\/vincenzo-camporini\/\">\t\t\t\t<figure class=\"team\">\n\t\t\t\t\t<img decoding=\"async\" class=\"profile\" src=\"https:\/\/www.festivaldelladiplomazia.eu\/wp-content\/uploads\/2022\/05\/camporini-e1653562437213.jpg\" alt=\"\">\n\t\t\t\t\t<h4>Vincenzo Camporini<\/h4>\n\t\t\t\t\tGeneral, former Defense Chief of Staff, IAI Vice President\n\t\t\t\t<\/figure>\n\t\t\t<\/a>\t\t\t<\/div>\n\t\t\t\t\t\t\t\t<div class=\"col text-center\" style=\"max-width:20%\">\n\t\t\t<a href=\"https:\/\/www.festivaldelladiplomazia.eu\/en\/speakers\/carlo-corazza\/\">\t\t\t\t<figure class=\"team\">\n\t\t\t\t\t<img decoding=\"async\" class=\"profile\" src=\"https:\/\/www.festivaldelladiplomazia.eu\/wp-content\/uploads\/2022\/06\/corazza2-e1655470155566.jpg\" alt=\"\">\n\t\t\t\t\t<h4>Carlo Corazza<\/h4>\n\t\t\t\t\tRepresentative in Italy of the European Parliament\n\t\t\t\t<\/figure>\n\t\t\t<\/a>\t\t\t<\/div>\n\t\t\t\t\t<\/div>\n\t\t<div class=\"row justify-content-center\">\n\t\t\t\t\t\t\t\t<div class=\"col text-center\" style=\"max-width:20%\">\n\t\t\t<a href=\"https:\/\/www.festivaldelladiplomazia.eu\/en\/speakers\/giuliana-del-papa\/\">\t\t\t\t<figure class=\"team\">\n\t\t\t\t\t<img decoding=\"async\" class=\"profile\" src=\"https:\/\/www.festivaldelladiplomazia.eu\/wp-content\/uploads\/2025\/04\/del-papa.jpg\" alt=\"\">\n\t\t\t\t\t<h4>Giuliana Del Papa<\/h4>\n\t\t\t\t\tHead of the Analysis, Planning and Historical Diplomatic Documentation Unit of Maeci\n\t\t\t\t<\/figure>\n\t\t\t<\/a>\t\t\t<\/div>\n\t\t\t\t\t\t\t\t<div class=\"col text-center\" style=\"max-width:20%\">\n\t\t\t<a href=\"https:\/\/www.festivaldelladiplomazia.eu\/en\/speakers\/daniele-di-loreto\/\">\t\t\t\t<figure class=\"team\">\n\t\t\t\t\t<img decoding=\"async\" class=\"profile\" src=\"https:\/\/www.festivaldelladiplomazia.eu\/wp-content\/uploads\/2022\/05\/di-loreto-e1653562863525.jpg\" alt=\"\">\n\t\t\t\t\t<h4>Daniele Di Loreto<\/h4>\n\t\t\t\t\tGroup Head of Representative Office Generali Assicurazioni\n\t\t\t\t<\/figure>\n\t\t\t<\/a>\t\t\t<\/div>\n\t\t\t\t\t\t\t\t<div class=\"col text-center\" style=\"max-width:20%\">\n\t\t\t<a href=\"https:\/\/www.festivaldelladiplomazia.eu\/en\/speakers\/enrico-giovannini\/\">\t\t\t\t<figure class=\"team\">\n\t\t\t\t\t<img decoding=\"async\" class=\"profile\" src=\"https:\/\/www.festivaldelladiplomazia.eu\/wp-content\/uploads\/2022\/05\/giovannini-e1653562926891.jpg\" alt=\"\">\n\t\t\t\t\t<h4>Enrico Giovannini<\/h4>\n\t\t\t\t\tEconomist and Statistic\n\t\t\t\t<\/figure>\n\t\t\t<\/a>\t\t\t<\/div>\n\t\t\t\t\t\t\t\t<div class=\"col text-center\" style=\"max-width:20%\">\n\t\t\t<a href=\"https:\/\/www.festivaldelladiplomazia.eu\/en\/speakers\/robert-hassan\/\">\t\t\t\t<figure class=\"team\">\n\t\t\t\t\t<img decoding=\"async\" class=\"profile\" src=\"https:\/\/www.festivaldelladiplomazia.eu\/wp-content\/uploads\/2022\/10\/WhatsApp-Image-2022-10-18-at-11.50.01.jpeg\" alt=\"\">\n\t\t\t\t\t<h4>Robert Hassan<\/h4>\n\t\t\t\t\tGovernment Relations Consultant\n\t\t\t\t<\/figure>\n\t\t\t<\/a>\t\t\t<\/div>\n\t\t\t\t\t\t\t\t<div class=\"col text-center\" style=\"max-width:20%\">\n\t\t\t<a href=\"https:\/\/www.festivaldelladiplomazia.eu\/en\/speakers\/carmen-lasorella\/\">\t\t\t\t<figure class=\"team\">\n\t\t\t\t\t<img decoding=\"async\" class=\"profile\" src=\"https:\/\/www.festivaldelladiplomazia.eu\/wp-content\/uploads\/2022\/05\/LASORELLAMB-e1653562958272.png\" alt=\"\">\n\t\t\t\t\t<h4>Carmen Lasorella<\/h4>\n\t\t\t\t\tJournalist\n\t\t\t\t<\/figure>\n\t\t\t<\/a>\t\t\t<\/div>\n\t\t\t\t\t\t\t\t<div class=\"col text-center\" style=\"max-width:20%\">\n\t\t\t<a href=\"https:\/\/www.festivaldelladiplomazia.eu\/en\/speakers\/marco-riccardo-rusconi\/\">\t\t\t\t<figure class=\"team\">\n\t\t\t\t\t<img decoding=\"async\" class=\"profile\" src=\"https:\/\/www.festivaldelladiplomazia.eu\/wp-content\/uploads\/2024\/06\/MARCO-RICCARDO-RUSCONI-Tagliata.jpg\" alt=\"\">\n\t\t\t\t\t<h4>Marco Riccardo Rusconi<\/h4>\n\t\t\t\t\tDirector of the Italian Agency for Development Cooperation\n\t\t\t\t<\/figure>\n\t\t\t<\/a>\t\t\t<\/div>\n\t\t\t\t\t<\/div>\n\t\t<div class=\"row justify-content-center\">\n\t\t\t\t\t\t\t\t<div class=\"col text-center\" style=\"max-width:20%\">\n\t\t\t<a href=\"https:\/\/www.festivaldelladiplomazia.eu\/en\/speakers\/maria-chiara-malaguti\/\">\t\t\t\t<figure class=\"team\">\n\t\t\t\t\t<img decoding=\"async\" class=\"profile\" src=\"https:\/\/www.festivaldelladiplomazia.eu\/wp-content\/uploads\/2022\/05\/malaguti-e1653563145652.jpg\" alt=\"\">\n\t\t\t\t\t<h4>Maria Chiara Malaguti<\/h4>\n\t\t\t\t\tPresident of UNIDROIT\n\t\t\t\t<\/figure>\n\t\t\t<\/a>\t\t\t<\/div>\n\t\t\t\t\t\t\t\t<div class=\"col text-center\" style=\"max-width:20%\">\n\t\t\t<a href=\"https:\/\/www.festivaldelladiplomazia.eu\/en\/speakers\/stefano-manservisi\/\">\t\t\t\t<figure class=\"team\">\n\t\t\t\t\t<img decoding=\"async\" class=\"profile\" src=\"https:\/\/www.festivaldelladiplomazia.eu\/wp-content\/uploads\/2022\/05\/manservisiPP-e1653563607184.jpg\" alt=\"\">\n\t\t\t\t\t<h4>Stefano Manservisi<\/h4>\n\t\t\t\t\tFormer DG Development Cooperation European Commission (DEVCO)\n\t\t\t\t<\/figure>\n\t\t\t<\/a>\t\t\t<\/div>\n\t\t\t\t\t\t\t\t<div class=\"col text-center\" style=\"max-width:20%\">\n\t\t\t<a href=\"https:\/\/www.festivaldelladiplomazia.eu\/en\/speakers\/giampiero-massolo\/\">\t\t\t\t<figure class=\"team\">\n\t\t\t\t\t<img decoding=\"async\" class=\"profile\" src=\"https:\/\/www.festivaldelladiplomazia.eu\/wp-content\/uploads\/2022\/05\/massoloMB-e1653904171848.jpg\" alt=\"\">\n\t\t\t\t\t<h4>Giampiero Massolo<\/h4>\n\t\t\t\t\tPresident of Diplomacy Festival&#8217;s scientific committee, ISPI and Mundys\n\t\t\t\t<\/figure>\n\t\t\t<\/a>\t\t\t<\/div>\n\t\t\t\t\t\t\t\t<div class=\"col text-center\" style=\"max-width:20%\">\n\t\t\t<a href=\"https:\/\/www.festivaldelladiplomazia.eu\/en\/speakers\/enzo-moavero-milanesi\/\">\t\t\t\t<figure class=\"team\">\n\t\t\t\t\t<img decoding=\"async\" class=\"profile\" src=\"https:\/\/www.festivaldelladiplomazia.eu\/wp-content\/uploads\/2022\/05\/moavero-milanesi-e1653563757659.jpg\" alt=\"\">\n\t\t\t\t\t<h4>Enzo Moavero Milanesi<\/h4>\n\t\t\t\t\tProfessor of European Law\n\t\t\t\t<\/figure>\n\t\t\t<\/a>\t\t\t<\/div>\n\t\t\t\t\t\t\t\t<div class=\"col text-center\" style=\"max-width:20%\">\n\t\t\t<a href=\"https:\/\/www.festivaldelladiplomazia.eu\/en\/speakers\/ferdinando-nelli-feroci\/\">\t\t\t\t<figure class=\"team\">\n\t\t\t\t\t<img decoding=\"async\" class=\"profile\" src=\"https:\/\/www.festivaldelladiplomazia.eu\/wp-content\/uploads\/2022\/05\/nelli-feroci-e1653563796711.jpg\" alt=\"\">\n\t\t\t\t\t<h4>Ferdinando Nelli Feroci<\/h4>\n\t\t\t\t\tPresidente IAI\n\t\t\t\t<\/figure>\n\t\t\t<\/a>\t\t\t<\/div>\n\t\t\t\t\t\t\t\t<div class=\"col text-center\" style=\"max-width:20%\">\n\t\t\t<a href=\"https:\/\/www.festivaldelladiplomazia.eu\/en\/speakers\/federica-olivares\/\">\t\t\t\t<figure class=\"team\">\n\t\t\t\t\t<img decoding=\"async\" class=\"profile\" src=\"https:\/\/www.festivaldelladiplomazia.eu\/wp-content\/uploads\/2022\/05\/olivares-e1654862455805.jpg\" alt=\"\">\n\t\t\t\t\t<h4>Federica Olivares<\/h4>\n\t\t\t\t\tDirector Program in Cultural Diplomacy Universit\u00e0 Cattolica\n\t\t\t\t<\/figure>\n\t\t\t<\/a>\t\t\t<\/div>\n\t\t\t\t\t<\/div>\n\t\t<div class=\"row justify-content-center\">\n\t\t\t\t\t\t\t\t<div class=\"col text-center\" style=\"max-width:20%\">\n\t\t\t<a href=\"https:\/\/www.festivaldelladiplomazia.eu\/en\/speakers\/cecilia-piccioni\/\">\t\t\t\t<figure class=\"team\">\n\t\t\t\t\t<img decoding=\"async\" class=\"profile\" src=\"https:\/\/www.festivaldelladiplomazia.eu\/wp-content\/uploads\/2022\/05\/piccioni-e1653564242931.jpg\" alt=\"\">\n\t\t\t\t\t<h4>Cecilia Piccioni<\/h4>\n\t\t\t\t\tAmbassador\n\t\t\t\t<\/figure>\n\t\t\t<\/a>\t\t\t<\/div>\n\t\t\t\t\t\t\t\t<div class=\"col text-center\" style=\"max-width:20%\">\n\t\t\t<a href=\"https:\/\/www.festivaldelladiplomazia.eu\/en\/speakers\/gusavo-piga\/\">\t\t\t\t<figure class=\"team\">\n\t\t\t\t\t<img decoding=\"async\" class=\"profile\" src=\"https:\/\/www.festivaldelladiplomazia.eu\/wp-content\/uploads\/2022\/05\/Piga-e1653564487489.jpg\" alt=\"\">\n\t\t\t\t\t<h4>Gustavo Piga<\/h4>\n\t\t\t\t\tEconomy Professor at the Roma Tor Vergata University\n\t\t\t\t<\/figure>\n\t\t\t<\/a>\t\t\t<\/div>\n\t\t\t\t\t\t\t\t<div class=\"col text-center\" style=\"max-width:20%\">\n\t\t\t<a href=\"https:\/\/www.festivaldelladiplomazia.eu\/en\/speakers\/aurelio-regina\/\">\t\t\t\t<figure class=\"team\">\n\t\t\t\t\t<img decoding=\"async\" class=\"profile\" src=\"https:\/\/www.festivaldelladiplomazia.eu\/wp-content\/uploads\/2022\/05\/regina-e1653564624404.jpg\" alt=\"\">\n\t\t\t\t\t<h4>Aurelio Regina<\/h4>\n\t\t\t\t\t President Deputee of the Centro Studi Americani\n\t\t\t\t<\/figure>\n\t\t\t<\/a>\t\t\t<\/div>\n\t\t\t\t\t\t\t\t<div class=\"col text-center\" style=\"max-width:20%\">\n\t\t\t<a href=\"https:\/\/www.festivaldelladiplomazia.eu\/en\/speakers\/francesco-rocchetti\/\">\t\t\t\t<figure class=\"team\">\n\t\t\t\t\t<img decoding=\"async\" class=\"profile\" src=\"https:\/\/www.festivaldelladiplomazia.eu\/wp-content\/uploads\/2022\/06\/Ritratti_ISPI51-bis-scaled-e1655206184596.jpg\" alt=\"\">\n\t\t\t\t\t<h4>Francesco Rocchetti<\/h4>\n\t\t\t\t\tISPI Secretary General\n\t\t\t\t<\/figure>\n\t\t\t<\/a>\t\t\t<\/div>\n\t\t\t\t\t\t\t\t<div class=\"col text-center\" style=\"max-width:20%\">\n\t\t\t<a href=\"https:\/\/www.festivaldelladiplomazia.eu\/en\/speakers\/pasquale-salzano\/\">\t\t\t\t<figure class=\"team\">\n\t\t\t\t\t<img decoding=\"async\" class=\"profile\" src=\"https:\/\/www.festivaldelladiplomazia.eu\/wp-content\/uploads\/2022\/05\/salzano-e1653565847975.jpg\" alt=\"\">\n\t\t\t\t\t<h4>Pasquale Salzano<\/h4>\n\t\t\t\t\tSIMEST President\n\t\t\t\t<\/figure>\n\t\t\t<\/a>\t\t\t<\/div>\n\t\t\t\t\t\t\t\t<div class=\"col text-center\" style=\"max-width:20%\">\n\t\t\t<a href=\"https:\/\/www.festivaldelladiplomazia.eu\/en\/speakers\/alberto-sangiovanni-vincentelli\/\">\t\t\t\t<figure class=\"team\">\n\t\t\t\t\t<img decoding=\"async\" class=\"profile\" src=\"https:\/\/www.festivaldelladiplomazia.eu\/wp-content\/uploads\/2022\/05\/vincentelli_600.jpg\" alt=\"\">\n\t\t\t\t\t<h4>Alberto Sangiovanni-Vincentelli<\/h4>\n\t\t\t\t\tProfessor of the University of California at Berkeley\n\t\t\t\t<\/figure>\n\t\t\t<\/a>\t\t\t<\/div>\n\t\t\t\t\t<\/div>\n\t\t<div class=\"row justify-content-center\">\n\t\t\t\t\t\t\t\t<div class=\"col text-center\" style=\"max-width:20%\">\n\t\t\t<a href=\"https:\/\/www.festivaldelladiplomazia.eu\/en\/speakers\/roberto-sgalla\/\">\t\t\t\t<figure class=\"team\">\n\t\t\t\t\t<img decoding=\"async\" class=\"profile\" src=\"https:\/\/www.festivaldelladiplomazia.eu\/wp-content\/uploads\/2022\/05\/sgalla-e1653565898209.png\" alt=\"\">\n\t\t\t\t\t<h4>Roberto Sgalla<\/h4>\n\t\t\t\t\tDirector of the Centro Studi Americani\n\t\t\t\t<\/figure>\n\t\t\t<\/a>\t\t\t<\/div>\n\t\t\t\t\t\t\t\t<div class=\"col text-center\" style=\"max-width:20%\">\n\t\t\t<a href=\"https:\/\/www.festivaldelladiplomazia.eu\/en\/speakers\/alfonso-siano\/\">\t\t\t\t<figure class=\"team\">\n\t\t\t\t\t<img decoding=\"async\" class=\"profile\" src=\"https:\/\/www.festivaldelladiplomazia.eu\/wp-content\/uploads\/2023\/02\/siano-e1675682824277.jpg\" alt=\"\">\n\t\t\t\t\t<h4>Alfonso Siano <\/h4>\n\t\t\t\t\tDirector of the International Relations department of Intesa Sanpaolo\n\t\t\t\t<\/figure>\n\t\t\t<\/a>\t\t\t<\/div>\n\t\t\t\t\t\t\t\t<div class=\"col text-center\" style=\"max-width:20%\">\n\t\t\t<a href=\"https:\/\/www.festivaldelladiplomazia.eu\/en\/speakers\/catia-tomasetti\/\">\t\t\t\t<figure class=\"team\">\n\t\t\t\t\t<img decoding=\"async\" class=\"profile\" src=\"https:\/\/www.festivaldelladiplomazia.eu\/wp-content\/uploads\/2022\/05\/tomasetti-e1653565929500.jpg\" alt=\"\">\n\t\t\t\t\t<h4>Catia Tomasetti<\/h4>\n\t\t\t\t\tPartner Bonelli Erede Pappalardo\n\t\t\t\t<\/figure>\n\t\t\t<\/a>\t\t\t<\/div>\n\t\t\t\t\t\t\t\t<div class=\"col text-center\" style=\"max-width:20%\">\n\t\t\t<a href=\"https:\/\/www.festivaldelladiplomazia.eu\/en\/speakers\/michele-valensise\/\">\t\t\t\t<figure class=\"team\">\n\t\t\t\t\t<img decoding=\"async\" class=\"profile\" src=\"https:\/\/www.festivaldelladiplomazia.eu\/wp-content\/uploads\/2022\/05\/6541_g-e1653566646968.jpg\" alt=\"\">\n\t\t\t\t\t<h4>Michele Valensise<\/h4>\n\t\t\t\t\tFormerly General Secretary of MAECI\n\t\t\t\t<\/figure>\n\t\t\t<\/a>\t\t\t<\/div>\n\t\t\t\t\t\t\t\t<div class=\"col text-center\" style=\"max-width:20%\">\n\t\t\t<a href=\"https:\/\/www.festivaldelladiplomazia.eu\/en\/speakers\/sarah-varetto\/\">\t\t\t\t<figure class=\"team\">\n\t\t\t\t\t<img decoding=\"async\" class=\"profile\" src=\"https:\/\/www.festivaldelladiplomazia.eu\/wp-content\/uploads\/2022\/05\/varetto-e1653566708871.jpg\" alt=\"\">\n\t\t\t\t\t<h4>Sarah Varetto<\/h4>\n\t\t\t\t\tExecutive Vice President Communication, Inclusion and Bigger Picture di Sky Italia\n\t\t\t\t<\/figure>\n\t\t\t<\/a>\t\t\t<\/div>\n\t\t\t\t\t\t\t\t<div class=\"col text-center\" style=\"max-width:20%\">\n\t\t\t<a href=\"https:\/\/www.festivaldelladiplomazia.eu\/en\/speakers\/arturo-varvelli\/\">\t\t\t\t<figure class=\"team\">\n\t\t\t\t\t<img decoding=\"async\" class=\"profile\" src=\"https:\/\/www.festivaldelladiplomazia.eu\/wp-content\/uploads\/2022\/05\/varvelli-e1653566817849.jpg\" alt=\"\">\n\t\t\t\t\t<h4>Arturo Varvelli<\/h4>\n\t\t\t\t\tECFR Rome Director and Senior Policy Fellow\n\t\t\t\t<\/figure>\n\t\t\t<\/a>\t\t\t<\/div>\n\t\t\t\t\t<\/div>\n\t\t<div class=\"row justify-content-center\">\n\t\t\t\t\t\t\t<\/div>\n\t<\/div>\n<\/div>\n\n\n\t\t<\/div>\n\t<\/div>\n<\/section>\n\n\n<section class=\"section align\">\n\t<div class=\"container\">\n\t\t\t<div class=\"row\">\n\t\t\t<div class=\"col-12\">\n\t\t\t\n\t\t\t\t\t<\/div>\n\t\t\t<\/div>\n\t\t<div class=\"row\">\n\t\t\t\n\n<div class=\"col-12\">\n\t<div class=\"d-lg-none\">\n\t\t<div class=\"accordion team\">\n\t\t\t<div class=\"accordion-item\">\n\t\t\t\t<h2 class=\"accordion-header\">\n\t\t\t\t\t<button class=\"accordion-button\" type=\"button\" data-bs-toggle=\"collapse\" data-bs-target=\"#block_69ef92cc59992\" aria-expanded=\"true\" aria-controls=\"block_69ef92cc59992\">\n\t\t\t\t\t\tTECHNICAL AND ORGANIZATIONAL COMMITTEE\n\t\t\t\t\t<\/button>\n\t\t\t\t<\/h2>\n\t\t\t\t<div id=\"block_69ef92cc59992\" class=\"accordion-collapse collapse show\">\n\t\t      \t\t<div class=\"accordion-body\">\n\t\t\t\t\t\t<div class=\"row justify-content-center\">\n\t\t\t\t\t\t\t\t\t\t\t\t\t\t\t<div class=\"col text-center\">\n\t\t\t\t\t\t\t\t\t\t\t\t\t\t\t\t\t<figure class=\"team\">\n\t\t\t\t\t\t\t\t\t\t<img decoding=\"async\" class=\"profile\" src=\"https:\/\/www.festivaldelladiplomazia.eu\/wp-content\/uploads\/2022\/05\/WhatsApp-Image-2022-05-26-at-10.27.30-e1653553694933.jpeg\" alt=\"\">\n\t\t\t\t\t\t\t\t\t\t<h4>Nadia Donghi<\/h4>\n\t\t\t\t\t\t\t\t\t\tGeneral secretary\n\t\t\t\t\t\t\t\t\t<\/figure>\n\t\t\t\t\t\t\t\t\t\t\t\t\t\t\t\t\t<\/div>\n\t\t\t\t\t\t\t\t\t\t\t\t\t\t\t\t\t\t\t\t\t\t\t<div class=\"col text-center\">\n\t\t\t\t\t\t\t\t\t\t\t\t\t\t\t\t\t<figure class=\"team\">\n\t\t\t\t\t\t\t\t\t\t<img decoding=\"async\" class=\"profile\" src=\"https:\/\/www.festivaldelladiplomazia.eu\/wp-content\/uploads\/2022\/05\/DSC6937-scaled-e1653552338143.jpg\" alt=\"\">\n\t\t\t\t\t\t\t\t\t\t<h4>Emanuele Marchetti<\/h4>\n\t\t\t\t\t\t\t\t\t\tEditorial board\n\t\t\t\t\t\t\t\t\t<\/figure>\n\t\t\t\t\t\t\t\t\t\t\t\t\t\t\t\t\t<\/div>\n\t\t\t\t\t\t\t\t\t\t\t\t\t\t\t\t\t\t\t\t\t\t\t<div class=\"col text-center\">\n\t\t\t\t\t\t\t\t\t\t\t\t\t\t\t\t\t<figure class=\"team\">\n\t\t\t\t\t\t\t\t\t\t<img decoding=\"async\" class=\"profile\" src=\"https:\/\/www.festivaldelladiplomazia.eu\/wp-content\/uploads\/2026\/04\/fabiola.jpg\" alt=\"\">\n\t\t\t\t\t\t\t\t\t\t<h4>Fabiola Ciaccio <\/h4>\n\t\t\t\t\t\t\t\t\t\tEditorial board\n\t\t\t\t\t\t\t\t\t<\/figure>\n\t\t\t\t\t\t\t\t\t\t\t\t\t\t\t\t\t<\/div>\n\t\t\t\t\t\t\t\t\t\t\t\t\t\t\t<\/div>\n\t\t\t\t\t\t\t<div class=\"row justify-content-center\">\n\t\t\t\t\t\t\t\t\t\t\t\t\t\t\t\t\t\t\t\t\t\t\t<div class=\"col text-center\">\n\t\t\t\t\t\t\t\t\t\t\t\t\t\t\t\t\t<figure class=\"team\">\n\t\t\t\t\t\t\t\t\t\t<img decoding=\"async\" class=\"profile\" src=\"https:\/\/www.festivaldelladiplomazia.eu\/wp-content\/uploads\/2022\/05\/9e75094d-5a42-491f-902c-87bda3e3e46f-1-e1653565153735.jpg\" alt=\"\">\n\t\t\t\t\t\t\t\t\t\t<h4>Danilo Panicali<\/h4>\n\t\t\t\t\t\t\t\t\t\tEditorial manager\n\t\t\t\t\t\t\t\t\t<\/figure>\n\t\t\t\t\t\t\t\t\t\t\t\t\t\t\t\t\t<\/div>\n\t\t\t\t\t\t\t\t\t\t\t\t\t\t\t\t\t\t\t\t\t\t\t<div class=\"col text-center\">\n\t\t\t\t\t\t\t\t\t\t\t\t\t\t\t\t\t<figure class=\"team\">\n\t\t\t\t\t\t\t\t\t\t<img decoding=\"async\" class=\"profile\" src=\"https:\/\/www.festivaldelladiplomazia.eu\/wp-content\/uploads\/2022\/06\/1517504728034.jpg\" alt=\"\">\n\t\t\t\t\t\t\t\t\t\t<h4>Daniela D&#8217;Amico<\/h4>\n\t\t\t\t\t\t\t\t\t\tExternal Relations\n\t\t\t\t\t\t\t\t\t<\/figure>\n\t\t\t\t\t\t\t\t\t\t\t\t\t\t\t\t\t<\/div>\n\t\t\t\t\t\t\t\t\t\t\t\t\t\t\t\t\t\t\t\t\t\t\t<div class=\"col text-center\">\n\t\t\t\t\t\t\t\t\t\t\t\t\t\t\t\t\t<figure class=\"team\">\n\t\t\t\t\t\t\t\t\t\t<img decoding=\"async\" class=\"profile\" src=\"https:\/\/www.festivaldelladiplomazia.eu\/wp-content\/uploads\/2024\/05\/pasquale-alfieri-e1716808599171.jpg\" alt=\"\">\n\t\t\t\t\t\t\t\t\t\t<h4>Pasquale Alfieri<\/h4>\n\t\t\t\t\t\t\t\t\t\tInstitutional Communication\n\t\t\t\t\t\t\t\t\t<\/figure>\n\t\t\t\t\t\t\t\t\t\t\t\t\t\t\t\t\t<\/div>\n\t\t\t\t\t\t\t\t\t\t\t\t\t\t\t<\/div>\n\t\t\t\t\t\t\t<div class=\"row justify-content-center\">\n\t\t\t\t\t\t\t\t\t\t\t\t\t\t\t\t\t\t\t\t\t<\/div>\n\t\t\t\t\t<\/div>\n\t\t    \t<\/div>\n\t\t\t<\/div>\n\t\t<\/div>\n\t<\/div>\n\t<div class=\"d-none d-lg-block\">\n\t\t<div class=\"row\">\n\t\t\t<div class=\"col\">\n\t\t\t\t<h2>TECHNICAL AND ORGANIZATIONAL COMMITTEE<\/h2>\n\t\t\t<\/div>\n\t\t<\/div>\n\t\t<div class=\"row justify-content-center\">\n\t\t\t\t\t<div class=\"col text-center\" style=\"max-width:20%\">\n\t\t\t\t\t\t\t<figure class=\"team\">\n\t\t\t\t\t<img decoding=\"async\" class=\"profile\" src=\"https:\/\/www.festivaldelladiplomazia.eu\/wp-content\/uploads\/2022\/05\/WhatsApp-Image-2022-05-26-at-10.27.30-e1653553694933.jpeg\" alt=\"\">\n\t\t\t\t\t<h4>Nadia Donghi<\/h4>\n\t\t\t\t\tGeneral secretary\n\t\t\t\t<\/figure>\n\t\t\t\t\t\t<\/div>\n\t\t\t\t\t\t\t\t<div class=\"col text-center\" style=\"max-width:20%\">\n\t\t\t\t\t\t\t<figure class=\"team\">\n\t\t\t\t\t<img decoding=\"async\" class=\"profile\" src=\"https:\/\/www.festivaldelladiplomazia.eu\/wp-content\/uploads\/2022\/05\/DSC6937-scaled-e1653552338143.jpg\" alt=\"\">\n\t\t\t\t\t<h4>Emanuele Marchetti<\/h4>\n\t\t\t\t\tEditorial board\n\t\t\t\t<\/figure>\n\t\t\t\t\t\t<\/div>\n\t\t\t\t\t\t\t\t<div class=\"col text-center\" style=\"max-width:20%\">\n\t\t\t\t\t\t\t<figure class=\"team\">\n\t\t\t\t\t<img decoding=\"async\" class=\"profile\" src=\"https:\/\/www.festivaldelladiplomazia.eu\/wp-content\/uploads\/2026\/04\/fabiola.jpg\" alt=\"\">\n\t\t\t\t\t<h4>Fabiola Ciaccio <\/h4>\n\t\t\t\t\tEditorial board\n\t\t\t\t<\/figure>\n\t\t\t\t\t\t<\/div>\n\t\t\t\t\t\t\t\t<div class=\"col text-center\" style=\"max-width:20%\">\n\t\t\t\t\t\t\t<figure class=\"team\">\n\t\t\t\t\t<img decoding=\"async\" class=\"profile\" src=\"https:\/\/www.festivaldelladiplomazia.eu\/wp-content\/uploads\/2022\/05\/9e75094d-5a42-491f-902c-87bda3e3e46f-1-e1653565153735.jpg\" alt=\"\">\n\t\t\t\t\t<h4>Danilo Panicali<\/h4>\n\t\t\t\t\tEditorial manager\n\t\t\t\t<\/figure>\n\t\t\t\t\t\t<\/div>\n\t\t\t\t\t<\/div>\n\t\t<div class=\"row justify-content-center\">\n\t\t\t\t\t\t\t\t<div class=\"col text-center\" style=\"max-width:20%\">\n\t\t\t\t\t\t\t<figure class=\"team\">\n\t\t\t\t\t<img decoding=\"async\" class=\"profile\" src=\"https:\/\/www.festivaldelladiplomazia.eu\/wp-content\/uploads\/2022\/06\/1517504728034.jpg\" alt=\"\">\n\t\t\t\t\t<h4>Daniela D&#8217;Amico<\/h4>\n\t\t\t\t\tExternal Relations\n\t\t\t\t<\/figure>\n\t\t\t\t\t\t<\/div>\n\t\t\t\t\t\t\t\t<div class=\"col text-center\" style=\"max-width:20%\">\n\t\t\t\t\t\t\t<figure class=\"team\">\n\t\t\t\t\t<img decoding=\"async\" class=\"profile\" src=\"https:\/\/www.festivaldelladiplomazia.eu\/wp-content\/uploads\/2024\/05\/pasquale-alfieri-e1716808599171.jpg\" alt=\"\">\n\t\t\t\t\t<h4>Pasquale Alfieri<\/h4>\n\t\t\t\t\tInstitutional Communication\n\t\t\t\t<\/figure>\n\t\t\t\t\t\t<\/div>\n\t\t\t\t\t\t\t<\/div>\n\t<\/div>\n<\/div>\n\n\n\t\t<\/div>\n\t<\/div>\n<\/section>\n\n\n<section class=\"section align\">\n\t<div class=\"container\">\n\t\t\t<div class=\"row\">\n\t\t\t<div class=\"col-12\">\n\t\t\t\t\t\t\t\t\t<h2>OUR NETWORK<\/h2>\n\t\t\t\t\t\t\t\t\t\t\t<\/div>\n\t\t<\/div>\n\t\t\t<div class=\"row\">\n\t\t\t<div class=\"col-12\">\n\t\t\t\n\t\t\t\t\t<\/div>\n\t\t\t<\/div>\n\t\t<div class=\"row\">\n\t\t\t\n\n<div class=\"wp-block-columns is-layout-flex wp-container-core-columns-is-layout-1 wp-block-columns-is-layout-flex\">\n<div class=\"wp-block-column is-layout-flow wp-block-column-is-layout-flow\">\n<h5 class=\"wp-block-heading\">INSTITUTIONS<\/h5>\n\n\n\n<p>Representation of the European Commission in Italy, the European Parliament, the Senate of the Republic, the Chamber of Deputies, the Ministry of Foreign Affairs and Cooperation<br>International, Ministry of the Interior, Ministry of Justice, Ministry of Defense, Ministry of Economy and Finance, Ministry of Economic Development, Ministry of Agricultural, Food and Forestry Policies and Tourism, Ministry of the Environment, Ministry of Infrastructure and Transport, Ministry of Labor and Social Policies, Ministry of Education, University and Research, Ministry of Cultural Heritage and Activities, Ministry of Health, Lazio Region, Rome Capital, Unioncamere, Italian Agency for Development Cooperation.<\/p>\n\n\n\n<h5 class=\"wp-block-heading\">EMBASSIES<\/h5>\n\n\n\n<p>Albania, Saudi Arabia, Argentina, Australia, Austria, Azerbaijan, Bangladesh, Belgium, Bolivia, Bosnia and Herzegovina, Brazil, Bulgaria, Canada, Chile, China, Cyprus, Colombia, Korea, Croatia, Denmark, Egypt, United Arab Emirates, Estonia, Philippines, Finland, France, Georgia, Germany, Japan, Great Britain, Greece, Haiti, India, Indonesia, Iran, Israel, Kazakhstan, Kenya, Kosovo, Latvia, Lithuania, Madagascar, Malaysia, Malta, Morocco, Mexico, Moldova, Mongolia, Mozambique, Niger, Norway, Netherlands, Pakistan, Paraguay, Poland, Portugal, Czech Republic, Dominican Republic, Slovak Republic, Romania, Russia, Serbia, Slovenia, Somalia, Sovereign Order of Malta, Spain, Sri Lanka, United States of America, South Africa, Sweden, Switzerland, Tanzania, Thailand, Turkey, Ukraine, Hungary, Uruguay, Venezuela, Vietnam, Yemen, Zimbabwe, EU Delegation to the Holy See.<\/p>\n<\/div>\n\n\n\n<div class=\"wp-block-column is-layout-flow wp-block-column-is-layout-flow\">\n<h5 class=\"wp-block-heading\">SCIENTIFIC PARTNERS<\/h5>\n\n\n\n<p>ABI, Airpress, Ania, AssDiplar, ASI, Associazione Stampa Estera, Centro Studi Americani, Ce.S.I., Ciheam Bari, Confitarma, ESA, FeBAF, Fscire \u2013 Fondazione per le Scienze Religiose Giovanni XXIII, Fondazione Konrad Adenauer, Fondazione Italia Giappone, Fondazione Italia USA, Fulbright, IAI, IILA, ISPI, Istituto Luigi Sturzo, Istituto Superiore di Sanit\u00e0, Italian Diplomatic Academy, John Cabot University, LUISS Enlabs, LUISS Guido Carli, Nato Defence College, SIOI, Societ\u00e0 Geografica<br>Italiana, UCOI, UCOIM, UNINT, Universit\u00e0 Cattolica del Sacro Cuore, Universit\u00e0 Niccol\u00f2 Cusano, Universit\u00e0 degli Studi di Roma Sapienza, Universit\u00e0 degli Studi Roma Tre, Universit\u00e0 degli Studi di Roma Tor Vergata, Uni Marconi, Lumsa Universit\u00e0, John Cabot University.<\/p>\n\n\n\n<h5 class=\"wp-block-heading\">COMPANIES THAT CONTRIBUTED TO THE FESTIVAL&#8217;S IMPLEMENTATION<\/h5>\n\n\n\n<p>ACEA, Assicurazioni Generali, BonelliErede, Cassa Depositi e Prestiti, Costa Crociere, Elettronica Group, ENI, Euler Hermes, Federpesca, Fincantieri, Finmeccanica, Intesa Sanpaolo, Istituto Grandi Marchi, Kaspersky, Leonardo, Marriot Gran Hotel Flora, Roscioli Hotels, SNAM, TAP, TLS Contact, UBAE Bank, Unicredit<\/p>\n<\/div>\n<\/div>\n\n\n\t\t<\/div>\n\t<\/div>\n<\/section>\n","protected":false},"excerpt":{"rendered":"","protected":false},"author":1,"featured_media":0,"parent":0,"menu_order":0,"comment_status":"closed","ping_status":"closed","template":"","meta":{"_acf_changed":false,"footnotes":""},"acf":[],"yoast_head":"<!-- This site is optimized with the Yoast SEO plugin v24.5 - https:\/\/yoast.com\/wordpress\/plugins\/seo\/ -->\n<title>Who we are - Festival della Diplomazia<\/title>\n<meta name=\"robots\" content=\"index, follow, max-snippet:-1, max-image-preview:large, max-video-preview:-1\" \/>\n<link rel=\"canonical\" href=\"https:\/\/www.festivaldelladiplomazia.eu\/en\/whe-we-are\/\" \/>\n<meta property=\"og:locale\" content=\"en_US\" \/>\n<meta property=\"og:type\" content=\"article\" \/>\n<meta property=\"og:title\" content=\"Who we are - Festival della Diplomazia\" \/>\n<meta property=\"og:url\" content=\"https:\/\/www.festivaldelladiplomazia.eu\/en\/whe-we-are\/\" \/>\n<meta property=\"og:site_name\" content=\"Festival della Diplomazia\" \/>\n<meta property=\"article:modified_time\" content=\"2026-04-21T13:30:30+00:00\" \/>\n<meta name=\"twitter:card\" content=\"summary_large_image\" \/>\n<meta name=\"twitter:label1\" content=\"Est. reading time\" \/>\n\t<meta name=\"twitter:data1\" content=\"24 minutes\" \/>\n<script type=\"application\/ld+json\" class=\"yoast-schema-graph\">{\"@context\":\"https:\/\/schema.org\",\"@graph\":[{\"@type\":\"WebPage\",\"@id\":\"https:\/\/www.festivaldelladiplomazia.eu\/en\/whe-we-are\/\",\"url\":\"https:\/\/www.festivaldelladiplomazia.eu\/en\/whe-we-are\/\",\"name\":\"Who we are - Festival della Diplomazia\",\"isPartOf\":{\"@id\":\"https:\/\/www.festivaldelladiplomazia.eu\/#website\"},\"datePublished\":\"2022-05-12T13:14:59+00:00\",\"dateModified\":\"2026-04-21T13:30:30+00:00\",\"breadcrumb\":{\"@id\":\"https:\/\/www.festivaldelladiplomazia.eu\/en\/whe-we-are\/#breadcrumb\"},\"inLanguage\":\"en-US\",\"potentialAction\":[{\"@type\":\"ReadAction\",\"target\":[\"https:\/\/www.festivaldelladiplomazia.eu\/en\/whe-we-are\/\"]}]},{\"@type\":\"BreadcrumbList\",\"@id\":\"https:\/\/www.festivaldelladiplomazia.eu\/en\/whe-we-are\/#breadcrumb\",\"itemListElement\":[{\"@type\":\"ListItem\",\"position\":1,\"name\":\"Home\",\"item\":\"https:\/\/www.festivaldelladiplomazia.eu\/en\/\"},{\"@type\":\"ListItem\",\"position\":2,\"name\":\"Who we are\"}]},{\"@type\":\"WebSite\",\"@id\":\"https:\/\/www.festivaldelladiplomazia.eu\/#website\",\"url\":\"https:\/\/www.festivaldelladiplomazia.eu\/\",\"name\":\"Festival della Diplomazia\",\"description\":\"\",\"potentialAction\":[{\"@type\":\"SearchAction\",\"target\":{\"@type\":\"EntryPoint\",\"urlTemplate\":\"https:\/\/www.festivaldelladiplomazia.eu\/?s={search_term_string}\"},\"query-input\":{\"@type\":\"PropertyValueSpecification\",\"valueRequired\":true,\"valueName\":\"search_term_string\"}}],\"inLanguage\":\"en-US\"}]}<\/script>\n<!-- \/ Yoast SEO plugin. -->","yoast_head_json":{"title":"Who we are - Festival della Diplomazia","robots":{"index":"index","follow":"follow","max-snippet":"max-snippet:-1","max-image-preview":"max-image-preview:large","max-video-preview":"max-video-preview:-1"},"canonical":"https:\/\/www.festivaldelladiplomazia.eu\/en\/whe-we-are\/","og_locale":"en_US","og_type":"article","og_title":"Who we are - Festival della Diplomazia","og_url":"https:\/\/www.festivaldelladiplomazia.eu\/en\/whe-we-are\/","og_site_name":"Festival della Diplomazia","article_modified_time":"2026-04-21T13:30:30+00:00","twitter_card":"summary_large_image","twitter_misc":{"Est. reading time":"24 minutes"},"schema":{"@context":"https:\/\/schema.org","@graph":[{"@type":"WebPage","@id":"https:\/\/www.festivaldelladiplomazia.eu\/en\/whe-we-are\/","url":"https:\/\/www.festivaldelladiplomazia.eu\/en\/whe-we-are\/","name":"Who we are - Festival della Diplomazia","isPartOf":{"@id":"https:\/\/www.festivaldelladiplomazia.eu\/#website"},"datePublished":"2022-05-12T13:14:59+00:00","dateModified":"2026-04-21T13:30:30+00:00","breadcrumb":{"@id":"https:\/\/www.festivaldelladiplomazia.eu\/en\/whe-we-are\/#breadcrumb"},"inLanguage":"en-US","potentialAction":[{"@type":"ReadAction","target":["https:\/\/www.festivaldelladiplomazia.eu\/en\/whe-we-are\/"]}]},{"@type":"BreadcrumbList","@id":"https:\/\/www.festivaldelladiplomazia.eu\/en\/whe-we-are\/#breadcrumb","itemListElement":[{"@type":"ListItem","position":1,"name":"Home","item":"https:\/\/www.festivaldelladiplomazia.eu\/en\/"},{"@type":"ListItem","position":2,"name":"Who we are"}]},{"@type":"WebSite","@id":"https:\/\/www.festivaldelladiplomazia.eu\/#website","url":"https:\/\/www.festivaldelladiplomazia.eu\/","name":"Festival della Diplomazia","description":"","potentialAction":[{"@type":"SearchAction","target":{"@type":"EntryPoint","urlTemplate":"https:\/\/www.festivaldelladiplomazia.eu\/?s={search_term_string}"},"query-input":{"@type":"PropertyValueSpecification","valueRequired":true,"valueName":"search_term_string"}}],"inLanguage":"en-US"}]}},"_links":{"self":[{"href":"https:\/\/www.festivaldelladiplomazia.eu\/en\/wp-json\/wp\/v2\/pages\/2320"}],"collection":[{"href":"https:\/\/www.festivaldelladiplomazia.eu\/en\/wp-json\/wp\/v2\/pages"}],"about":[{"href":"https:\/\/www.festivaldelladiplomazia.eu\/en\/wp-json\/wp\/v2\/types\/page"}],"author":[{"embeddable":true,"href":"https:\/\/www.festivaldelladiplomazia.eu\/en\/wp-json\/wp\/v2\/users\/1"}],"replies":[{"embeddable":true,"href":"https:\/\/www.festivaldelladiplomazia.eu\/en\/wp-json\/wp\/v2\/comments?post=2320"}],"version-history":[{"count":50,"href":"https:\/\/www.festivaldelladiplomazia.eu\/en\/wp-json\/wp\/v2\/pages\/2320\/revisions"}],"predecessor-version":[{"id":29867,"href":"https:\/\/www.festivaldelladiplomazia.eu\/en\/wp-json\/wp\/v2\/pages\/2320\/revisions\/29867"}],"wp:attachment":[{"href":"https:\/\/www.festivaldelladiplomazia.eu\/en\/wp-json\/wp\/v2\/media?parent=2320"}],"curies":[{"name":"wp","href":"https:\/\/api.w.org\/{rel}","templated":true}]}}